{"id":8265,"date":"2022-09-21T10:21:44","date_gmt":"2022-09-21T08:21:44","guid":{"rendered":"https:\/\/www.adconsultants-communications.com\/?page_id=8265"},"modified":"2022-11-07T10:21:41","modified_gmt":"2022-11-07T09:21:41","slug":"formation-fonctionnement-dune-collectivite","status":"publish","type":"page","link":"https:\/\/www.adconsultants-communications.com\/?page_id=8265","title":{"rendered":"FORMATION FONCTIONNEMENT D&rsquo;UNE COLLECTIVIT\u00c9"},"content":{"rendered":"<p>[vc_section css=\u00a0\u00bb.vc_custom_1497387491552{border-bottom-width: 1px !important;border-bottom-color: #dddddd !important;border-bottom-style: solid !important;}\u00a0\u00bb][vc_row 0=\u00a0\u00bb\u00a0\u00bb][vc_column 0=\u00a0\u00bb\u00a0\u00bb]<div class=\"wpb_content_element \"><style type=\"text\/css\">#ut_header_69f73f2daa8d0 h2.section-title { font-size:40px !important;line-height:55px !important; }<\/style><header id=\"ut_header_69f73f2daa8d0\" class=\"section-header  ut-no-title-linebreak-mobile ut-no-lead-linebreak-mobile pt-style-7 header-left header-tablet-left header-mobile-center element-with-custom-line-height\"><div class=\"element-with-custom-line-height\" ><h2 data-title=\"Formation au fonctionnement d'une collectivit\u00e9\"  data-responsive-font=\"section_title\" data-responsive-font-settings=\"{&quot;base-font-size&quot;:&quot;40&quot;,&quot;font-size-unit&quot;:&quot;px&quot;,&quot;font-size&quot;:{&quot;desktop_large&quot;:&quot;40&quot;},&quot;base-line-height&quot;:&quot;global&quot;,&quot;line-height&quot;:{&quot;desktop_large&quot;:&quot;55&quot;},&quot;base-letter-spacing&quot;:&quot;global&quot;}\" class=\"section-title  \"><span><b>Formation au fonctionnement d'une collectivit\u00e9<\/b><\/span><\/h2><\/div><div data-delay=\"0\" class=\"lead \"><p>Pour exercer au mieux leurs nombreuses responsabilit\u00e9s, les \u00e9lus peuvent b\u00e9n\u00e9ficier de formations sur le fonctionnement des collectivit\u00e9s, leurs organisations et leurs enjeux.<br \/>\nCe sont des formations th\u00e9oriques \u00e0 partir de textes l\u00e9gislatifs ou r\u00e9glementaires.<\/p>\n<p>Mais pour exercer au mieux leur mandat, les \u00e9lus ont aussi besoin de partager des exp\u00e9riences \u00e9troitement li\u00e9es \u00e0 la vie quotidienne de leur collectivit\u00e9. Une pratique de terrain, constitu\u00e9e de faits r\u00e9els, compl\u00e8te parfaitement une formation livresque n\u00e9cessaire.<br \/>\nUne jurisprudence appliqu\u00e9e en somme, qui \u00e9claire les situations, parfois d\u00e9licates, rencontr\u00e9es par les \u00e9diles.<\/p>\n<p>Avec AD Consultants Communications et sa longue exp\u00e9rience de la vie administrative et politique, vous b\u00e9n\u00e9ficierez de connaissances et d\u2019\u00e9changes qui vous permettront de prendre confiance dans les d\u00e9cisions que vous prendrez, et de trouver une r\u00e9ponse aux cas concrets qui se poseront au sein de votre collectivit\u00e9.<\/p>\n<\/div><\/header><\/div>[\/vc_column][\/vc_row][\/vc_section]<\/p>\n","protected":false},"excerpt":{"rendered":"<p>[vc_section css=\u00a0\u00bb.vc_custom_1497387491552{border-bottom-width: 1px !important;border-bottom-color: #dddddd !important;border-bottom-style: solid !important;}\u00a0\u00bb][vc_row 0=\u00a0\u00bb\u00a0\u00bb][vc_column 0=\u00a0\u00bb\u00a0\u00bb][\/vc_column][\/vc_row][\/vc_section]<\/p>\n","protected":false},"author":1,"featured_media":0,"parent":0,"menu_order":0,"comment_status":"closed","ping_status":"closed","template":"","meta":{"footnotes":""},"class_list":["post-8265","page","type-page","status-publish","hentry"],"yoast_head":"<!-- This site is optimized with the Yoast SEO plugin v19.9 - https:\/\/yoast.com\/wordpress\/plugins\/seo\/ -->\n<title>formation fonctionnement collectivit\u00e9<\/title>\n<meta name=\"description\" content=\"Vous cherchez une formation de la pratique du fonctionnement d&#039;une collectivit\u00e9 ? Une formation alliant th\u00e9orie et pratique : AD consultants\" \/>\n<meta name=\"robots\" content=\"index, follow, max-snippet:-1, max-image-preview:large, max-video-preview:-1\" \/>\n<link rel=\"canonical\" href=\"https:\/\/www.adconsultants-communications.com\/?page_id=8265\" \/>\n<meta property=\"og:locale\" content=\"fr_FR\" \/>\n<meta property=\"og:type\" content=\"article\" \/>\n<meta property=\"og:title\" content=\"formation fonctionnement collectivit\u00e9\" \/>\n<meta property=\"og:description\" content=\"Vous cherchez une formation de la pratique du fonctionnement d&#039;une collectivit\u00e9 ? Une formation alliant th\u00e9orie et pratique : AD consultants\" \/>\n<meta property=\"og:url\" content=\"https:\/\/www.adconsultants-communications.com\/?page_id=8265\" \/>\n<meta property=\"og:site_name\" content=\"AD Consultants\" \/>\n<meta property=\"article:modified_time\" content=\"2022-11-07T09:21:41+00:00\" \/>\n<meta name=\"twitter:card\" content=\"summary_large_image\" \/>\n<meta name=\"twitter:label1\" content=\"Dur\u00e9e de lecture estim\u00e9e\" \/>\n\t<meta name=\"twitter:data1\" content=\"1 minute\" \/>\n<script type=\"application\/ld+json\" class=\"yoast-schema-graph\">{\"@context\":\"https:\/\/schema.org\",\"@graph\":[{\"@type\":\"WebPage\",\"@id\":\"https:\/\/www.adconsultants-communications.com\/?page_id=8265\",\"url\":\"https:\/\/www.adconsultants-communications.com\/?page_id=8265\",\"name\":\"formation fonctionnement collectivit\u00e9\",\"isPartOf\":{\"@id\":\"https:\/\/www.adconsultants-communications.com\/#website\"},\"datePublished\":\"2022-09-21T08:21:44+00:00\",\"dateModified\":\"2022-11-07T09:21:41+00:00\",\"description\":\"Vous cherchez une formation de la pratique du fonctionnement d'une collectivit\u00e9 ? Une formation alliant th\u00e9orie et pratique : AD consultants\",\"breadcrumb\":{\"@id\":\"https:\/\/www.adconsultants-communications.com\/?page_id=8265#breadcrumb\"},\"inLanguage\":\"fr-FR\",\"potentialAction\":[{\"@type\":\"ReadAction\",\"target\":[\"https:\/\/www.adconsultants-communications.com\/?page_id=8265\"]}]},{\"@type\":\"BreadcrumbList\",\"@id\":\"https:\/\/www.adconsultants-communications.com\/?page_id=8265#breadcrumb\",\"itemListElement\":[{\"@type\":\"ListItem\",\"position\":1,\"name\":\"Accueil\",\"item\":\"https:\/\/www.adconsultants-communications.com\/\"},{\"@type\":\"ListItem\",\"position\":2,\"name\":\"FORMATION FONCTIONNEMENT D&rsquo;UNE COLLECTIVIT\u00c9\"}]},{\"@type\":\"WebSite\",\"@id\":\"https:\/\/www.adconsultants-communications.com\/#website\",\"url\":\"https:\/\/www.adconsultants-communications.com\/\",\"name\":\"AD Consultants\",\"description\":\"\",\"publisher\":{\"@id\":\"https:\/\/www.adconsultants-communications.com\/#organization\"},\"potentialAction\":[{\"@type\":\"SearchAction\",\"target\":{\"@type\":\"EntryPoint\",\"urlTemplate\":\"https:\/\/www.adconsultants-communications.com\/?s={search_term_string}\"},\"query-input\":\"required name=search_term_string\"}],\"inLanguage\":\"fr-FR\"},{\"@type\":\"Organization\",\"@id\":\"https:\/\/www.adconsultants-communications.com\/#organization\",\"name\":\"AD Consultants communications\",\"url\":\"https:\/\/www.adconsultants-communications.com\/\",\"logo\":{\"@type\":\"ImageObject\",\"inLanguage\":\"fr-FR\",\"@id\":\"https:\/\/www.adconsultants-communications.com\/#\/schema\/logo\/image\/\",\"url\":\"https:\/\/www.adconsultants-communications.com\/wp-content\/uploads\/2022\/09\/LOGO_5.jpg\",\"contentUrl\":\"https:\/\/www.adconsultants-communications.com\/wp-content\/uploads\/2022\/09\/LOGO_5.jpg\",\"width\":800,\"height\":200,\"caption\":\"AD Consultants communications\"},\"image\":{\"@id\":\"https:\/\/www.adconsultants-communications.com\/#\/schema\/logo\/image\/\"}}]}<\/script>\n<!-- \/ Yoast SEO plugin. -->","yoast_head_json":{"title":"formation fonctionnement collectivit\u00e9","description":"Vous cherchez une formation de la pratique du fonctionnement d'une collectivit\u00e9 ? Une formation alliant th\u00e9orie et pratique : AD consultants","robots":{"index":"index","follow":"follow","max-snippet":"max-snippet:-1","max-image-preview":"max-image-preview:large","max-video-preview":"max-video-preview:-1"},"canonical":"https:\/\/www.adconsultants-communications.com\/?page_id=8265","og_locale":"fr_FR","og_type":"article","og_title":"formation fonctionnement collectivit\u00e9","og_description":"Vous cherchez une formation de la pratique du fonctionnement d'une collectivit\u00e9 ? Une formation alliant th\u00e9orie et pratique : AD consultants","og_url":"https:\/\/www.adconsultants-communications.com\/?page_id=8265","og_site_name":"AD Consultants","article_modified_time":"2022-11-07T09:21:41+00:00","twitter_card":"summary_large_image","twitter_misc":{"Dur\u00e9e de lecture estim\u00e9e":"1 minute"},"schema":{"@context":"https:\/\/schema.org","@graph":[{"@type":"WebPage","@id":"https:\/\/www.adconsultants-communications.com\/?page_id=8265","url":"https:\/\/www.adconsultants-communications.com\/?page_id=8265","name":"formation fonctionnement collectivit\u00e9","isPartOf":{"@id":"https:\/\/www.adconsultants-communications.com\/#website"},"datePublished":"2022-09-21T08:21:44+00:00","dateModified":"2022-11-07T09:21:41+00:00","description":"Vous cherchez une formation de la pratique du fonctionnement d'une collectivit\u00e9 ? Une formation alliant th\u00e9orie et pratique : AD consultants","breadcrumb":{"@id":"https:\/\/www.adconsultants-communications.com\/?page_id=8265#breadcrumb"},"inLanguage":"fr-FR","potentialAction":[{"@type":"ReadAction","target":["https:\/\/www.adconsultants-communications.com\/?page_id=8265"]}]},{"@type":"BreadcrumbList","@id":"https:\/\/www.adconsultants-communications.com\/?page_id=8265#breadcrumb","itemListElement":[{"@type":"ListItem","position":1,"name":"Accueil","item":"https:\/\/www.adconsultants-communications.com\/"},{"@type":"ListItem","position":2,"name":"FORMATION FONCTIONNEMENT D&rsquo;UNE COLLECTIVIT\u00c9"}]},{"@type":"WebSite","@id":"https:\/\/www.adconsultants-communications.com\/#website","url":"https:\/\/www.adconsultants-communications.com\/","name":"AD Consultants","description":"","publisher":{"@id":"https:\/\/www.adconsultants-communications.com\/#organization"},"potentialAction":[{"@type":"SearchAction","target":{"@type":"EntryPoint","urlTemplate":"https:\/\/www.adconsultants-communications.com\/?s={search_term_string}"},"query-input":"required name=search_term_string"}],"inLanguage":"fr-FR"},{"@type":"Organization","@id":"https:\/\/www.adconsultants-communications.com\/#organization","name":"AD Consultants communications","url":"https:\/\/www.adconsultants-communications.com\/","logo":{"@type":"ImageObject","inLanguage":"fr-FR","@id":"https:\/\/www.adconsultants-communications.com\/#\/schema\/logo\/image\/","url":"https:\/\/www.adconsultants-communications.com\/wp-content\/uploads\/2022\/09\/LOGO_5.jpg","contentUrl":"https:\/\/www.adconsultants-communications.com\/wp-content\/uploads\/2022\/09\/LOGO_5.jpg","width":800,"height":200,"caption":"AD Consultants communications"},"image":{"@id":"https:\/\/www.adconsultants-communications.com\/#\/schema\/logo\/image\/"}}]}},"_links":{"self":[{"href":"https:\/\/www.adconsultants-communications.com\/index.php?rest_route=\/wp\/v2\/pages\/8265","targetHints":{"allow":["GET"]}}],"collection":[{"href":"https:\/\/www.adconsultants-communications.com\/index.php?rest_route=\/wp\/v2\/pages"}],"about":[{"href":"https:\/\/www.adconsultants-communications.com\/index.php?rest_route=\/wp\/v2\/types\/page"}],"author":[{"embeddable":true,"href":"https:\/\/www.adconsultants-communications.com\/index.php?rest_route=\/wp\/v2\/users\/1"}],"replies":[{"embeddable":true,"href":"https:\/\/www.adconsultants-communications.com\/index.php?rest_route=%2Fwp%2Fv2%2Fcomments&post=8265"}],"version-history":[{"count":2,"href":"https:\/\/www.adconsultants-communications.com\/index.php?rest_route=\/wp\/v2\/pages\/8265\/revisions"}],"predecessor-version":[{"id":8376,"href":"https:\/\/www.adconsultants-communications.com\/index.php?rest_route=\/wp\/v2\/pages\/8265\/revisions\/8376"}],"wp:attachment":[{"href":"https:\/\/www.adconsultants-communications.com\/index.php?rest_route=%2Fwp%2Fv2%2Fmedia&parent=8265"}],"curies":[{"name":"wp","href":"https:\/\/api.w.org\/{rel}","templated":true}]}}