{"id":770,"date":"2017-06-14T09:30:46","date_gmt":"2017-06-14T09:30:46","guid":{"rendered":"http:\/\/themeforest.unitedthemes.com\/wpversions\/brooklyn\/xml\/demo3\/?page_id=770"},"modified":"2022-11-04T16:24:33","modified_gmt":"2022-11-04T15:24:33","slug":"person-page","status":"publish","type":"page","link":"https:\/\/www.adconsultants-communications.com\/?page_id=770","title":{"rendered":"Alain Drouhin"},"content":{"rendered":"<p>[vc_section css=\u00a0\u00bb.vc_custom_1497960334020{border-bottom-width: 1px !important;background-color: #f7f8fa !important;border-bottom-color: #dddddd !important;border-bottom-style: solid !important;}\u00a0\u00bb][vc_row][vc_column]<div class=\"wpb_content_element \"><style type=\"text\/css\">#ut_header_69f73eb9b5066 h2.section-title { font-size:45px !important;line-height:55px !important; }<\/style><header id=\"ut_header_69f73eb9b5066\" class=\"section-header  ut-no-title-linebreak-mobile ut-no-lead-linebreak-mobile pt-style-7 header-center header-tablet-center header-mobile-center element-with-custom-line-height\"><div class=\"element-with-custom-line-height\" ><h2 data-title=\"AD consultants est la concr\u00e9tisation de mon exp\u00e9rience professionnelle\"  data-responsive-font=\"section_title\" data-responsive-font-settings=\"{&quot;base-font-size&quot;:&quot;global&quot;,&quot;font-size&quot;:{&quot;desktop_large&quot;:&quot;45&quot;},&quot;base-line-height&quot;:&quot;global&quot;,&quot;line-height&quot;:{&quot;desktop_large&quot;:&quot;55&quot;},&quot;base-letter-spacing&quot;:&quot;global&quot;}\" class=\"section-title  \"><span><b>AD consultants<\/b> est la concr\u00e9tisation de mon exp\u00e9rience professionnelle<\/span><\/h2><\/div><div data-delay=\"0\" class=\"lead \"><p><\/p>\n<\/div><\/header><\/div>[\/vc_column][\/vc_row][\/vc_section][vc_section][vc_row][vc_column width=\u00a0\u00bb1\/2&Prime;]<div class=\"wpb_content_element \"><style type=\"text\/css\">#ut_tm_69f73eb9bd58a .bklyn-team-member-social-icons a { font-size: 20px; }#ut_tm_69f73eb9bd58a .bklyn-team-member-ocupation { font-weight: normal; }#ut_tm_69f73eb9bd58a .bklyn-team-member-ocupation { margin-bottom: 5px; }#ut_tm_69f73eb9bd58a .bklyn-team-member-social-icons a:hover { color: #393c3e; }#ut_tm_69f73eb9bd58a .bklyn-team-member-social-icons a:focus { color: #393c3e; }#ut_tm_69f73eb9bd58a .bklyn-team-member-social-icons a:active { color: #393c3e; }<\/style><div id=\"ut_tm_69f73eb9bd58a\" class=\"bklyn-team-member bklyn-team-member-style-1  bklyn-team-member-left\"><div class=\"bklyn-team-member-avatar \"><img decoding=\"async\" alt=\"ANIMATION_DE_DEBATS\" class=\"ut-lozad\" src=\"data:image\/svg+xml;charset=utf-8,%3Csvg xmlns%3D'http%3A%2F%2Fwww.w3.org%2F2000%2Fsvg' viewBox%3D'0 0 1000 800'%2F%3E\" data-src=\"https:\/\/www.adconsultants-communications.com\/wp-content\/uploads\/2022\/09\/ANIMATION_DE_DEBATS.jpg\"><\/div><\/div><\/div><div class=\"wpb_content_element \"><style type=\"text\/css\">#ut_tm_69f73eb9c2471 .bklyn-team-member-social-icons a { font-size: 20px; }#ut_tm_69f73eb9c2471 .bklyn-team-member-ocupation { font-weight: normal; }#ut_tm_69f73eb9c2471 .bklyn-team-member-social-icons a:hover { color: #393c3e; }#ut_tm_69f73eb9c2471 .bklyn-team-member-social-icons a:focus { color: #393c3e; }#ut_tm_69f73eb9c2471 .bklyn-team-member-social-icons a:active { color: #393c3e; }<\/style><div id=\"ut_tm_69f73eb9c2471\" class=\"bklyn-team-member bklyn-team-member-style-1  bklyn-team-member-left\"><div class=\"bklyn-team-member-avatar \"><img decoding=\"async\" alt=\"COLLECTIVITE\" class=\"ut-lozad\" src=\"data:image\/svg+xml;charset=utf-8,%3Csvg xmlns%3D'http%3A%2F%2Fwww.w3.org%2F2000%2Fsvg' viewBox%3D'0 0 1000 800'%2F%3E\" data-src=\"https:\/\/www.adconsultants-communications.com\/wp-content\/uploads\/2022\/09\/COLLECTIVITE.jpg\"><\/div><\/div><\/div><div class=\"wpb_content_element \"><style type=\"text\/css\">#ut_tm_69f73eb9c7046 .bklyn-team-member-name { color: #b7894b; }#ut_tm_69f73eb9c7046 .bklyn-team-member-social-icons { border-color: #b7894b; }#ut_tm_69f73eb9c7046 .bklyn-team-member-social-icons a { font-size: 20px; }#ut_tm_69f73eb9c7046 .bklyn-team-member-ocupation { font-weight: normal; }#ut_tm_69f73eb9c7046 .bklyn-team-member-social-icons a:hover { color: #393c3e; }#ut_tm_69f73eb9c7046 .bklyn-team-member-social-icons a:focus { color: #393c3e; }#ut_tm_69f73eb9c7046 .bklyn-team-member-social-icons a:active { color: #393c3e; }<\/style><div id=\"ut_tm_69f73eb9c7046\" class=\"bklyn-team-member bklyn-team-member-style-1  bklyn-team-member-left\"><div class=\"bklyn-team-member-avatar \"><img decoding=\"async\" alt=\"VIGNETTE-VIDEO\" class=\"ut-lozad\" src=\"data:image\/svg+xml;charset=utf-8,%3Csvg xmlns%3D'http%3A%2F%2Fwww.w3.org%2F2000%2Fsvg' viewBox%3D'0 0 1300 867'%2F%3E\" data-src=\"https:\/\/www.adconsultants-communications.com\/wp-content\/uploads\/2022\/09\/VIGNETTE-VIDEO-1300x867.jpg\"><\/div><div class=\"bklyn-team-member-info\"><h3 class=\"bklyn-team-member-name\">Alain Drouhin<\/h3><p class=\"bklyn-team-member-ocupation\">Pr\u00e9sident Directeur G\u00e9n\u00e9ral AD consultants<\/p><\/div><div class=\"bklyn-team-member-social-icons \"><ul><li><a title=\"\" href=\"https:\/\/www.linkedin.com\/in\/alain-drouhin-182362144\/?trk=public_profile_browsemap_profile-result-card_result-card_full-click&#038;originalSubdomain=fr\" target=\"_self\" ><i class=\"fa fa-linkedin-square\"><\/i><\/a><\/li><\/ul><\/div><\/div><\/div>[\/vc_column][vc_column width=\u00a0\u00bb1\/2&Prime;][vc_custom_heading text=\u00a0\u00bbMon parcours professionnel et politique m\u2019a toujours permis d\u2019exceller \u00e0 l\u2019oral dans la pr\u00e9paration de discours pour des<br \/>\nresponsables politiques ou pour mes propres interventions devant des centaines de personnes.<br \/>\nJ\u2019ai plus de 40 ans d\u2019exp\u00e9rience dans des postes \u00e0 hautes responsabilit\u00e9s dans la fonction publique.<br \/>\nQue ce soit en s\u00e9minaire professionnel, en campagne \u00e9lectorale, en animation publique&#8230; mes prises de parole ont fait preuve d\u2019efficacit\u00e9 et d\u2019impact par leur force d\u2019inspiration et leur humour.\u00a0\u00bb use_theme_fonts=\u00a0\u00bbyes\u00a0\u00bb][vc_column_text]<strong>La diversit\u00e9 de mes exp\u00e9riences me rend unique !<\/strong><\/p>\n<ul>\n<li>Directeur d\u2019h\u00f4pital<\/li>\n<li>Secr\u00e9taire g\u00e9n\u00e9ral de la ville d\u2019Auxerre et Directeur de cabinet<\/li>\n<li>Chef de cabinet du Ministre du travail<\/li>\n<li>Conseiller aupr\u00e8s du Ministre de la fonction publique<\/li>\n<li>Charg\u00e9 de mission aupr\u00e8s du Ministre de l\u2019agriculture<\/li>\n<li>Attach\u00e9 parlementaire<\/li>\n<li>Conseiller g\u00e9n\u00e9ral de l\u2019Yonne<\/li>\n<li>Vice-pr\u00e9sident en charge des finances du Conseil g\u00e9n\u00e9ral de L\u2019Yonne<\/li>\n<li>D\u00e9put\u00e9 suppl\u00e9ant<\/li>\n<li>Pr\u00e9sident du pays de Puisaye-Forterre<\/li>\n<li>Directeur de campagne lors de huit \u00e9lections municipales, d\u00e9partementales, l\u00e9gislatives et s\u00e9natoriales<\/li>\n<li>Candidat lors de dix \u00e9lections municipales, d\u00e9partementales, l\u00e9gislatives et s\u00e9natoriales<\/li>\n<\/ul>\n<p><strong>Aujourd\u2019hui<\/strong><\/p>\n<ul>\n<li>Maire de Bl\u00e9neau (89)<\/li>\n<li>Vice-pr\u00e9sident en charge des finances de la Communaut\u00e9 de communes Puisaye Forterre<\/li>\n<li>Pr\u00e9sident Directeur G\u00e9n\u00e9ral AD consultants<\/li>\n<\/ul>\n<ul>\n<li style=\"list-style-type: none;\"><\/li>\n<\/ul>\n<p>[\/vc_column_text][vc_custom_heading text=\u00a0\u00bbAD consultants est le fruit de nombreuses et belles rencontres\u00a0\u00bb use_theme_fonts=\u00a0\u00bbyes\u00a0\u00bb][vc_column_text]La cr\u00e9ation d\u2019AD consultants, communication est le fruit de 40 ans d\u2019exp\u00e9rience politique de terrain o\u00f9 j\u2019ai eu l\u2019occasion de travailler avec Jean-Pierre Soisson qui m\u2019a form\u00e9 \u00e0 l\u2019art de la parole.<\/p>\n<p>Durant toutes ces ann\u00e9es d\u2019\u00e9troite collaboration, j\u2019ai pu observer les forces et les faiblesses des orateurs tant dans des espaces clos que dans des espaces ext\u00e9rieurs. J\u2019ai pu aussi faire de belles rencontres qui m\u2019ont incit\u00e9 \u00e0 forger mon propre style.<\/p>\n<p>Nombre d\u2019orateurs de talent, sont venus \u00e0 Auxerre. J\u2019ai pu ainsi croiser et \u00e9couter Fran\u00e7ois Mitterrand, Jacques Chirac, Raymond Barre, Jean Chamant, Fran\u00e7ois L\u00e9otard, le g\u00e9n\u00e9ral Bigeard, Henri Nallet, Charles Pasqua, Jean-Pierre Raffarin\u2026et bien d\u2019autres.<\/p>\n<p>Ces rencontres ont \u00e9t\u00e9 des temps forts qui ont confort\u00e9 ma vision de l\u2019expression orale. C\u2019est cette vision que je veux transmettre gr\u00e2ce \u00e0 AD consultants communication.<\/p>\n<ul>\n<li style=\"list-style-type: none;\"><\/li>\n<\/ul>\n<p>[\/vc_column_text][\/vc_column][\/vc_row][\/vc_section]<\/p>\n","protected":false},"excerpt":{"rendered":"<p>[vc_section css=\u00a0\u00bb.vc_custom_1497960334020{border-bottom-width: 1px !important;background-color: #f7f8fa !important;border-bottom-color: #dddddd !important;border-bottom-style: solid !important;}\u00a0\u00bb][vc_row][vc_column][\/vc_column][\/vc_row][\/vc_section][vc_section][vc_row][vc_column width=\u00a0\u00bb1\/2&Prime;][\/vc_column][vc_column width=\u00a0\u00bb1\/2&Prime;][vc_custom_heading text=\u00a0\u00bbMon parcours professionnel et politique m\u2019a toujours permis d\u2019exceller \u00e0 l\u2019oral dans la pr\u00e9paration de discours pour des responsables politiques ou pour mes propres interventions devant des centaines de personnes. J\u2019ai plus de 40 ans d\u2019exp\u00e9rience dans des postes \u00e0 hautes responsabilit\u00e9s dans [&hellip;]<\/p>\n","protected":false},"author":1,"featured_media":0,"parent":0,"menu_order":0,"comment_status":"closed","ping_status":"closed","template":"","meta":{"footnotes":""},"class_list":["post-770","page","type-page","status-publish","hentry"],"yoast_head":"<!-- This site is optimized with the Yoast SEO plugin v19.9 - https:\/\/yoast.com\/wordpress\/plugins\/seo\/ -->\n<title>Formation \u00e0 la prise de parole en public ou l&#039;art de communiquer<\/title>\n<meta name=\"description\" content=\"Vous souhaitez une formation \u00e0 la prise de parole en public ? Ad consultants vous propose une formation sur mesure, pour prendre du plaisir!\" \/>\n<meta name=\"robots\" content=\"index, follow, max-snippet:-1, max-image-preview:large, max-video-preview:-1\" \/>\n<link rel=\"canonical\" href=\"https:\/\/www.adconsultants-communications.com\/?page_id=770\" \/>\n<meta property=\"og:locale\" content=\"fr_FR\" \/>\n<meta property=\"og:type\" content=\"article\" \/>\n<meta property=\"og:title\" content=\"Formation \u00e0 la prise de parole en public ou l&#039;art de communiquer\" \/>\n<meta property=\"og:description\" content=\"Vous souhaitez une formation \u00e0 la prise de parole en public ? Ad consultants vous propose une formation sur mesure, pour prendre du plaisir!\" \/>\n<meta property=\"og:url\" content=\"https:\/\/www.adconsultants-communications.com\/?page_id=770\" \/>\n<meta property=\"og:site_name\" content=\"AD Consultants\" \/>\n<meta property=\"article:modified_time\" content=\"2022-11-04T15:24:33+00:00\" \/>\n<meta name=\"twitter:card\" content=\"summary_large_image\" \/>\n<meta name=\"twitter:label1\" content=\"Dur\u00e9e de lecture estim\u00e9e\" \/>\n\t<meta name=\"twitter:data1\" content=\"2 minutes\" \/>\n<script type=\"application\/ld+json\" class=\"yoast-schema-graph\">{\"@context\":\"https:\/\/schema.org\",\"@graph\":[{\"@type\":\"WebPage\",\"@id\":\"https:\/\/www.adconsultants-communications.com\/?page_id=770\",\"url\":\"https:\/\/www.adconsultants-communications.com\/?page_id=770\",\"name\":\"Formation \u00e0 la prise de parole en public ou l'art de communiquer\",\"isPartOf\":{\"@id\":\"https:\/\/www.adconsultants-communications.com\/#website\"},\"datePublished\":\"2017-06-14T09:30:46+00:00\",\"dateModified\":\"2022-11-04T15:24:33+00:00\",\"description\":\"Vous souhaitez une formation \u00e0 la prise de parole en public ? Ad consultants vous propose une formation sur mesure, pour prendre du plaisir!\",\"breadcrumb\":{\"@id\":\"https:\/\/www.adconsultants-communications.com\/?page_id=770#breadcrumb\"},\"inLanguage\":\"fr-FR\",\"potentialAction\":[{\"@type\":\"ReadAction\",\"target\":[\"https:\/\/www.adconsultants-communications.com\/?page_id=770\"]}]},{\"@type\":\"BreadcrumbList\",\"@id\":\"https:\/\/www.adconsultants-communications.com\/?page_id=770#breadcrumb\",\"itemListElement\":[{\"@type\":\"ListItem\",\"position\":1,\"name\":\"Accueil\",\"item\":\"https:\/\/www.adconsultants-communications.com\/\"},{\"@type\":\"ListItem\",\"position\":2,\"name\":\"Alain Drouhin\"}]},{\"@type\":\"WebSite\",\"@id\":\"https:\/\/www.adconsultants-communications.com\/#website\",\"url\":\"https:\/\/www.adconsultants-communications.com\/\",\"name\":\"AD Consultants\",\"description\":\"\",\"publisher\":{\"@id\":\"https:\/\/www.adconsultants-communications.com\/#organization\"},\"potentialAction\":[{\"@type\":\"SearchAction\",\"target\":{\"@type\":\"EntryPoint\",\"urlTemplate\":\"https:\/\/www.adconsultants-communications.com\/?s={search_term_string}\"},\"query-input\":\"required name=search_term_string\"}],\"inLanguage\":\"fr-FR\"},{\"@type\":\"Organization\",\"@id\":\"https:\/\/www.adconsultants-communications.com\/#organization\",\"name\":\"AD Consultants communications\",\"url\":\"https:\/\/www.adconsultants-communications.com\/\",\"logo\":{\"@type\":\"ImageObject\",\"inLanguage\":\"fr-FR\",\"@id\":\"https:\/\/www.adconsultants-communications.com\/#\/schema\/logo\/image\/\",\"url\":\"https:\/\/www.adconsultants-communications.com\/wp-content\/uploads\/2022\/09\/LOGO_5.jpg\",\"contentUrl\":\"https:\/\/www.adconsultants-communications.com\/wp-content\/uploads\/2022\/09\/LOGO_5.jpg\",\"width\":800,\"height\":200,\"caption\":\"AD Consultants communications\"},\"image\":{\"@id\":\"https:\/\/www.adconsultants-communications.com\/#\/schema\/logo\/image\/\"}}]}<\/script>\n<!-- \/ Yoast SEO plugin. -->","yoast_head_json":{"title":"Formation \u00e0 la prise de parole en public ou l'art de communiquer","description":"Vous souhaitez une formation \u00e0 la prise de parole en public ? Ad consultants vous propose une formation sur mesure, pour prendre du plaisir!","robots":{"index":"index","follow":"follow","max-snippet":"max-snippet:-1","max-image-preview":"max-image-preview:large","max-video-preview":"max-video-preview:-1"},"canonical":"https:\/\/www.adconsultants-communications.com\/?page_id=770","og_locale":"fr_FR","og_type":"article","og_title":"Formation \u00e0 la prise de parole en public ou l'art de communiquer","og_description":"Vous souhaitez une formation \u00e0 la prise de parole en public ? Ad consultants vous propose une formation sur mesure, pour prendre du plaisir!","og_url":"https:\/\/www.adconsultants-communications.com\/?page_id=770","og_site_name":"AD Consultants","article_modified_time":"2022-11-04T15:24:33+00:00","twitter_card":"summary_large_image","twitter_misc":{"Dur\u00e9e de lecture estim\u00e9e":"2 minutes"},"schema":{"@context":"https:\/\/schema.org","@graph":[{"@type":"WebPage","@id":"https:\/\/www.adconsultants-communications.com\/?page_id=770","url":"https:\/\/www.adconsultants-communications.com\/?page_id=770","name":"Formation \u00e0 la prise de parole en public ou l'art de communiquer","isPartOf":{"@id":"https:\/\/www.adconsultants-communications.com\/#website"},"datePublished":"2017-06-14T09:30:46+00:00","dateModified":"2022-11-04T15:24:33+00:00","description":"Vous souhaitez une formation \u00e0 la prise de parole en public ? Ad consultants vous propose une formation sur mesure, pour prendre du plaisir!","breadcrumb":{"@id":"https:\/\/www.adconsultants-communications.com\/?page_id=770#breadcrumb"},"inLanguage":"fr-FR","potentialAction":[{"@type":"ReadAction","target":["https:\/\/www.adconsultants-communications.com\/?page_id=770"]}]},{"@type":"BreadcrumbList","@id":"https:\/\/www.adconsultants-communications.com\/?page_id=770#breadcrumb","itemListElement":[{"@type":"ListItem","position":1,"name":"Accueil","item":"https:\/\/www.adconsultants-communications.com\/"},{"@type":"ListItem","position":2,"name":"Alain Drouhin"}]},{"@type":"WebSite","@id":"https:\/\/www.adconsultants-communications.com\/#website","url":"https:\/\/www.adconsultants-communications.com\/","name":"AD Consultants","description":"","publisher":{"@id":"https:\/\/www.adconsultants-communications.com\/#organization"},"potentialAction":[{"@type":"SearchAction","target":{"@type":"EntryPoint","urlTemplate":"https:\/\/www.adconsultants-communications.com\/?s={search_term_string}"},"query-input":"required name=search_term_string"}],"inLanguage":"fr-FR"},{"@type":"Organization","@id":"https:\/\/www.adconsultants-communications.com\/#organization","name":"AD Consultants communications","url":"https:\/\/www.adconsultants-communications.com\/","logo":{"@type":"ImageObject","inLanguage":"fr-FR","@id":"https:\/\/www.adconsultants-communications.com\/#\/schema\/logo\/image\/","url":"https:\/\/www.adconsultants-communications.com\/wp-content\/uploads\/2022\/09\/LOGO_5.jpg","contentUrl":"https:\/\/www.adconsultants-communications.com\/wp-content\/uploads\/2022\/09\/LOGO_5.jpg","width":800,"height":200,"caption":"AD Consultants communications"},"image":{"@id":"https:\/\/www.adconsultants-communications.com\/#\/schema\/logo\/image\/"}}]}},"_links":{"self":[{"href":"https:\/\/www.adconsultants-communications.com\/index.php?rest_route=\/wp\/v2\/pages\/770","targetHints":{"allow":["GET"]}}],"collection":[{"href":"https:\/\/www.adconsultants-communications.com\/index.php?rest_route=\/wp\/v2\/pages"}],"about":[{"href":"https:\/\/www.adconsultants-communications.com\/index.php?rest_route=\/wp\/v2\/types\/page"}],"author":[{"embeddable":true,"href":"https:\/\/www.adconsultants-communications.com\/index.php?rest_route=\/wp\/v2\/users\/1"}],"replies":[{"embeddable":true,"href":"https:\/\/www.adconsultants-communications.com\/index.php?rest_route=%2Fwp%2Fv2%2Fcomments&post=770"}],"version-history":[{"count":12,"href":"https:\/\/www.adconsultants-communications.com\/index.php?rest_route=\/wp\/v2\/pages\/770\/revisions"}],"predecessor-version":[{"id":8488,"href":"https:\/\/www.adconsultants-communications.com\/index.php?rest_route=\/wp\/v2\/pages\/770\/revisions\/8488"}],"wp:attachment":[{"href":"https:\/\/www.adconsultants-communications.com\/index.php?rest_route=%2Fwp%2Fv2%2Fmedia&parent=770"}],"curies":[{"name":"wp","href":"https:\/\/api.w.org\/{rel}","templated":true}]}}